{"id":7,"date":"2025-04-28T16:59:39","date_gmt":"2025-04-28T16:59:39","guid":{"rendered":"https:\/\/opticanuevaesperanza.cl\/?page_id=7"},"modified":"2026-02-11T23:27:13","modified_gmt":"2026-02-11T23:27:13","slug":"inicio","status":"publish","type":"page","link":"https:\/\/opticanuevaesperanza.cl\/","title":{"rendered":"Inicio"},"content":{"rendered":"<p>[et_pb_section fb_built=\u00bb1&#8243; fullwidth=\u00bbon\u00bb _builder_version=\u00bb4.18.0&#8243; _module_preset=\u00bbdefault\u00bb global_colors_info=\u00bb{}\u00bb][et_pb_fullwidth_slider _builder_version=\u00bb4.18.0&#8243; _module_preset=\u00bbdefault\u00bb global_colors_info=\u00bb{}\u00bb][et_pb_slide heading=\u00bbBienvenidos\u00bb _builder_version=\u00bb4.18.0&#8243; _module_preset=\u00bbdefault\u00bb background_color=\u00bbRGBA(255,255,255,0)\u00bb background_enable_color=\u00bbon\u00bb background_video_mp4=\u00bbhttps:\/\/opticanuevaesperanza.cl\/wp-content\/uploads\/2025\/06\/WhatsApp-Video-2025-06-06-at-6.34.07-PM.mp4&#8243; background_enable_video_mp4=\u00bbon\u00bb global_colors_info=\u00bb{}\u00bb sticky_transition=\u00bbon\u00bb]<\/p>\n<p>A Nuestra \u00d3ptica Web<\/p>\n<p>[\/et_pb_slide][et_pb_slide heading=\u00bbTODAS LAS MARCAS, LOS MEJORES PRECIOS\u00bb _builder_version=\u00bb4.18.0&#8243; _module_preset=\u00bbdefault\u00bb header_font=\u00bbInter|700|||||||\u00bb body_font=\u00bbInter|700|||||||\u00bb background_video_mp4=\u00bbhttps:\/\/opticanuevaesperanza.cl\/wp-content\/uploads\/2025\/05\/Mormaii_OrigamiRX_Principal-Horizontal-WHATSAPP-2.mp4&#8243; background_enable_video_mp4=\u00bbon\u00bb global_colors_info=\u00bb{}\u00bb sticky_transition=\u00bbon\u00bb]<\/p>\n<p>Encuentra el modelo y marca que necesites con una atenci\u00f3n \u00fanica.<\/p>\n<p>[\/et_pb_slide][et_pb_slide heading=\u00bbPARA TODA LA FAMILIA\u00bb _builder_version=\u00bb4.18.0&#8243; _module_preset=\u00bbdefault\u00bb header_font=\u00bbInter|700|||||||\u00bb background_enable_color=\u00bboff\u00bb background_image=\u00bbhttps:\/\/opticanuevaesperanza.cl\/wp-content\/uploads\/2025\/05\/heaader-1-optica-nueva-esperanza1.jpg\u00bb background_enable_image=\u00bbon\u00bb header_text_shadow_style=\u00bbpreset1&#8243; text_shadow_style=\u00bbpreset4&#8243; global_colors_info=\u00bb{}\u00bb sticky_transition=\u00bbon\u00bb]<\/p>\n<p>Tenemos toda la variedad de anteojos lentes para toda la familia!<\/p>\n<p>[\/et_pb_slide][\/et_pb_fullwidth_slider][\/et_pb_section][et_pb_section fb_built=\u00bb1&#8243; _builder_version=\u00bb4.18.0&#8243; _module_preset=\u00bbdefault\u00bb custom_padding=\u00bb0px|||||\u00bb global_colors_info=\u00bb{}\u00bb][et_pb_row column_structure=\u00bb3_5,1_5,1_5&#8243; _builder_version=\u00bb4.18.0&#8243; _module_preset=\u00bbdefault\u00bb custom_margin=\u00bb||||false|false\u00bb global_colors_info=\u00bb{}\u00bb][et_pb_column type=\u00bb3_5&#8243; _builder_version=\u00bb4.18.0&#8243; _module_preset=\u00bbdefault\u00bb global_colors_info=\u00bb{}\u00bb][\/et_pb_column][et_pb_column type=\u00bb1_5&#8243; _builder_version=\u00bb4.18.0&#8243; _module_preset=\u00bbdefault\u00bb global_colors_info=\u00bb{}\u00bb][et_pb_icon font_icon=\u00bb&#xe09a;||divi||400&#8243; icon_color=\u00bb#F05000&#8243; icon_width=\u00bb48px\u00bb url=\u00bbhttps:\/\/www.instagram.com\/opticanuevaesperanza?igsh=MWI0N3YxbXd5NHJ2ZQ%3D%3D&#038;utm_source=qr\u00bb url_new_window=\u00bbon\u00bb align=\u00bbright\u00bb _builder_version=\u00bb4.18.0&#8243; _module_preset=\u00bbdefault\u00bb hover_enabled=\u00bb0&#8243; global_colors_info=\u00bb{}\u00bb sticky_enabled=\u00bb0&#8243;][\/et_pb_icon][\/et_pb_column][et_pb_column type=\u00bb1_5&#8243; _builder_version=\u00bb4.18.0&#8243; _module_preset=\u00bbdefault\u00bb global_colors_info=\u00bb{}\u00bb][et_pb_icon font_icon=\u00bb&#xe07b;||fa||400&#8243; icon_color=\u00bb#F05000&#8243; icon_width=\u00bb48px\u00bb url=\u00bbhttps:\/\/www.tiktok.com\/@opticanuevaesperanza?_t=ZS-8wjlCQTdP7P&#038;_r=1&#8243; url_new_window=\u00bbon\u00bb _builder_version=\u00bb4.18.0&#8243; _module_preset=\u00bbdefault\u00bb hover_enabled=\u00bb0&#8243; global_colors_info=\u00bb{}\u00bb sticky_enabled=\u00bb0&#8243;][\/et_pb_icon][\/et_pb_column][\/et_pb_row][\/et_pb_section][et_pb_section fb_built=\u00bb1&#8243; admin_label=\u00bbProducts\u00bb _builder_version=\u00bb4.22.0&#8243; _module_preset=\u00bbdefault\u00bb background_color=\u00bbgcid-1ceede91-71be-464b-930c-ee204c722893&#8243; locked=\u00bboff\u00bb collapsed=\u00bbon\u00bb global_colors_info=\u00bb{%22gcid-1ceede91-71be-464b-930c-ee204c722893%22:%91%22background_color%22%93}\u00bb][et_pb_row column_structure=\u00bb1_3,1_3,1_3&#8243; use_custom_gutter=\u00bbon\u00bb gutter_width=\u00bb2&#8243; make_equal=\u00bbon\u00bb _builder_version=\u00bb4.18.0&#8243; _module_preset=\u00bbdefault\u00bb global_colors_info=\u00bb{}\u00bb][et_pb_column type=\u00bb1_3&#8243; _builder_version=\u00bb4.22.0&#8243; _module_preset=\u00bbdefault\u00bb background_color=\u00bbgcid-bfa7fe62-254b-41c2-9e7c-1655cf29ea48&#8243; custom_padding=\u00bb12vw|20px|20px|20px|false|true\u00bb border_radii=\u00bbon|20px|20px|20px|20px\u00bb global_colors_info=\u00bb{%22gcid-bfa7fe62-254b-41c2-9e7c-1655cf29ea48%22:%91%22background_color%22%93}\u00bb][et_pb_text _builder_version=\u00bb4.18.0&#8243; _module_preset=\u00bb0dffbaaf-4209-413c-aae0-515644c4fa1d\u00bb text_font=\u00bbInter|700|||||||\u00bb text_text_color=\u00bb#FFFFFF\u00bb text_font_size=\u00bb52px\u00bb text_line_height=\u00bb1em\u00bb header_2_text_color=\u00bb#FFFFFF\u00bb custom_margin=\u00bb||10px||false|false\u00bb global_colors_info=\u00bb{}\u00bb]<\/p>\n<p>OFERTAS DE OTO\u00d1O<\/p>\n<p>[\/et_pb_text][et_pb_text _builder_version=\u00bb4.18.0&#8243; _module_preset=\u00bb412522e9-d9ef-4b27-ad1d-b6cb39980601&#8243; text_text_color=\u00bbgcid-28366106-ecf8-496b-97f0-6a9be6882356&#8243; global_colors_info=\u00bb{%22gcid-28366106-ecf8-496b-97f0-6a9be6882356%22:%91%22text_text_color%22%93}\u00bb]<\/p>\n<p>OFERTAS de hasta 50% ven y compara<\/p>\n<p>[\/et_pb_text][et_pb_button button_text=\u00bbQuiero VER LAS OFERTAS\u00bb _builder_version=\u00bb4.18.0&#8243; _module_preset=\u00bbe66b2696-d7cc-48ad-a410-567349e7fa21&#8243; global_colors_info=\u00bb{}\u00bb][\/et_pb_button][\/et_pb_column][et_pb_column type=\u00bb1_3&#8243; _builder_version=\u00bb4.22.0&#8243; _module_preset=\u00bbdefault\u00bb background_image=\u00bbhttps:\/\/opticanuevaesperanza.cl\/wp-content\/uploads\/2025\/04\/fashion-sunglasses-6b.jpg\u00bb border_radii=\u00bbon|20px|20px|20px|20px\u00bb global_colors_info=\u00bb{}\u00bb][et_pb_divider show_divider=\u00bboff\u00bb _builder_version=\u00bb4.22.0&#8243; _module_preset=\u00bbdefault\u00bb height_tablet=\u00bb40vw\u00bb height_phone=\u00bb40vw\u00bb height_last_edited=\u00bbon|desktop\u00bb locked=\u00bboff\u00bb global_colors_info=\u00bb{}\u00bb][\/et_pb_divider][\/et_pb_column][et_pb_column type=\u00bb1_3&#8243; _builder_version=\u00bb4.18.0&#8243; _module_preset=\u00bbdefault\u00bb background_image=\u00bbhttps:\/\/opticanuevaesperanza.cl\/wp-content\/uploads\/2025\/06\/foto-galeria.jpg\u00bb border_radii=\u00bbon|20px|20px|20px|20px\u00bb global_colors_info=\u00bb{}\u00bb][et_pb_divider show_divider=\u00bboff\u00bb _builder_version=\u00bb4.22.0&#8243; _module_preset=\u00bbdefault\u00bb height_tablet=\u00bb40vw\u00bb height_phone=\u00bb40vw\u00bb height_last_edited=\u00bbon|desktop\u00bb locked=\u00bboff\u00bb global_colors_info=\u00bb{}\u00bb][\/et_pb_divider][\/et_pb_column][\/et_pb_row][\/et_pb_section][et_pb_section fb_built=\u00bb1&#8243; admin_label=\u00bbLatest Trend\u00bb _builder_version=\u00bb4.18.0&#8243; _module_preset=\u00bbdefault\u00bb background_color=\u00bbgcid-28366106-ecf8-496b-97f0-6a9be6882356&#8243; collapsed=\u00bbon\u00bb global_colors_info=\u00bb{%22gcid-28366106-ecf8-496b-97f0-6a9be6882356%22:%91%22background_color%22%93}\u00bb][et_pb_row column_structure=\u00bb2_5,3_5&#8243; _builder_version=\u00bb4.18.0&#8243; _module_preset=\u00bbdefault\u00bb global_colors_info=\u00bb{}\u00bb][et_pb_column type=\u00bb2_5&#8243; _builder_version=\u00bb4.18.0&#8243; _module_preset=\u00bbdefault\u00bb global_colors_info=\u00bb{}\u00bb][et_pb_image src=\u00bbhttps:\/\/opticanuevaesperanza.cl\/wp-content\/uploads\/2025\/05\/erica-optica-nueva-esperanza.jpg\u00bb title_text=\u00bberica-optica-nueva-esperanza\u00bb _builder_version=\u00bb4.18.0&#8243; _module_preset=\u00bbdefault\u00bb border_radii=\u00bbon|20px|20px|20px|20px\u00bb border_width_all=\u00bb10px\u00bb border_color_all=\u00bb#E06100&#8243; global_colors_info=\u00bb{}\u00bb][\/et_pb_image][\/et_pb_column][et_pb_column type=\u00bb3_5&#8243; _builder_version=\u00bb4.18.0&#8243; _module_preset=\u00bbdefault\u00bb global_colors_info=\u00bb{}\u00bb][et_pb_text _builder_version=\u00bb4.18.0&#8243; _module_preset=\u00bbdefault\u00bb text_font=\u00bbMontserrat|700|||||||\u00bb text_text_color=\u00bb#FFFFFF\u00bb text_font_size=\u00bb41px\u00bb global_colors_info=\u00bb{}\u00bb]<\/p>\n<p>HISTORIA<\/p>\n<p>[\/et_pb_text][et_pb_text _builder_version=\u00bb4.18.0&#8243; _module_preset=\u00bbdefault\u00bb text_font=\u00bbMontserrat||||||||\u00bb text_text_color=\u00bb#FFFFFF\u00bb global_colors_info=\u00bb{}\u00bb]<\/p>\n<p dir=\"ltr\"><span>Fundada en el a\u00f1o 2010 por Erica Leal, \u00d3ptica Nueva Esperanza naci\u00f3 del sue\u00f1o de <\/span><span>ofrecer una atenci\u00f3n cercana, profesional y personalizada a todos quienes buscan <\/span><span>cuidar su salud visual. Desde sus inicios, Erica se propuso crear un espacio donde <\/span><span>cada cliente no solo <\/span>encontrara<span> soluciones <\/span>\u00f3pticas<span> de calidad, sino tambi\u00e9n un lugar donde sentirse escuchado, atendido y valorado.<\/span><\/p>\n<p>&nbsp;<\/p>\n<p dir=\"ltr\"><span>Con esfuerzo, dedicaci\u00f3n y un trato humano que pronto se volvi\u00f3 su sello distintivo, \u00d3ptica Nueva Esperanza fue gan\u00e1ndose la confianza de la comunidad. Los clientes no solo regresaban, sino que recomendaban la \u00f3ptica a familiares y amigos, construyendo as\u00ed una s\u00f3lida red de personas agradecidas y satisfechas.<\/span><\/p>\n<p>&nbsp;<\/p>\n<p dir=\"ltr\"><span>Hoy, m\u00e1s de una d\u00e9cada despu\u00e9s, \u00d3ptica Nueva Esperanza es una empresa familiar <\/span><span>que sigue creciendo sobre los mismos valores que inspiraron a su fundadora. Cada <\/span><span>integrante del equipo comparte el compromiso de brindar un servicio c\u00e1lido y<\/span><\/p>\n<p dir=\"ltr\"><span>profesional, honrando el legado de Erica y su visi\u00f3n de futuro.<\/span><\/p>\n<p>&nbsp;<\/p>\n<p dir=\"ltr\"><span>Actualmente, \u00d3ptica Nueva Esperanza atiende a sus clientes en Mac Iver 290, local 5- A, donde contin\u00faa siendo sin\u00f3nimo de confianza, calidad y esperanza para quienes buscan ver mejor el mundo.<\/span><\/p>\n<p>[\/et_pb_text][\/et_pb_column][\/et_pb_row][et_pb_row disabled_on=\u00bbon|on|on\u00bb _builder_version=\u00bb4.18.0&#8243; _module_preset=\u00bbdefault\u00bb disabled=\u00bbon\u00bb global_colors_info=\u00bb{}\u00bb][et_pb_column type=\u00bb4_4&#8243; _builder_version=\u00bb4.22.0&#8243; _module_preset=\u00bbdefault\u00bb global_colors_info=\u00bb{}\u00bb][et_pb_video src=\u00bbhttps:\/\/opticanuevaesperanza.cl\/wp-content\/uploads\/2025\/05\/Coleccioncolcci-1.mp4&#8243; _builder_version=\u00bb4.18.0&#8243; _module_preset=\u00bbdefault\u00bb global_colors_info=\u00bb{}\u00bb][\/et_pb_video][\/et_pb_column][\/et_pb_row][et_pb_row column_structure=\u00bb1_2,1_2&#8243; disabled_on=\u00bbon|on|on\u00bb _builder_version=\u00bb4.18.0&#8243; _module_preset=\u00bbdefault\u00bb disabled=\u00bbon\u00bb global_colors_info=\u00bb{}\u00bb][et_pb_column type=\u00bb1_2&#8243; _builder_version=\u00bb4.22.0&#8243; _module_preset=\u00bbdefault\u00bb global_colors_info=\u00bb{}\u00bb][et_pb_text _builder_version=\u00bb4.18.0&#8243; _module_preset=\u00bb0dffbaaf-4209-413c-aae0-515644c4fa1d\u00bb text_font=\u00bbInter|700|||||||\u00bb text_text_color=\u00bb#FFFFFF\u00bb text_font_size=\u00bb41px\u00bb header_2_text_color=\u00bb#FFFFFF\u00bb global_colors_info=\u00bb{}\u00bb]<\/p>\n<p>MARCA COLCCI\u00a0 Y M\u00c1S<\/p>\n<p>[\/et_pb_text][\/et_pb_column][et_pb_column type=\u00bb1_2&#8243; _builder_version=\u00bb4.22.0&#8243; _module_preset=\u00bbdefault\u00bb global_colors_info=\u00bb{}\u00bb][et_pb_text _builder_version=\u00bb4.18.0&#8243; _module_preset=\u00bb412522e9-d9ef-4b27-ad1d-b6cb39980601&#8243; text_text_color=\u00bb#FFFFFF\u00bb global_colors_info=\u00bb{}\u00bb]<\/p>\n<p>Amplia gama de anteojos de sol y \u00f3pticos\u00a0 puedes solicitarnos cat\u00e1logo\u00a0 de todas las marcas nacionales e internacionales<\/p>\n<p>[\/et_pb_text][\/et_pb_column][\/et_pb_row][\/et_pb_section][et_pb_section fb_built=\u00bb1&#8243; admin_label=\u00bbFeatures\u00bb _builder_version=\u00bb4.22.0&#8243; _module_preset=\u00bbdefault\u00bb background_color=\u00bbgcid-28366106-ecf8-496b-97f0-6a9be6882356&#8243; collapsed=\u00bbon\u00bb global_colors_info=\u00bb{%22gcid-28366106-ecf8-496b-97f0-6a9be6882356%22:%91%22background_color%22%93}\u00bb][et_pb_row column_structure=\u00bb1_3,1_3,1_3&#8243; _builder_version=\u00bb4.22.0&#8243; _module_preset=\u00bbdefault\u00bb global_colors_info=\u00bb{}\u00bb][et_pb_column type=\u00bb1_3&#8243; _builder_version=\u00bb4.22.0&#8243; _module_preset=\u00bbdefault\u00bb custom_padding=\u00bb20px|15px|20px|15px|true|true\u00bb custom_padding_last_edited=\u00bboff|tablet\u00bb link_option_url=\u00bb#\u00bb border_radii=\u00bbon|20px|20px|20px|20px\u00bb global_colors_info=\u00bb{%22gcid-bfa7fe62-254b-41c2-9e7c-1655cf29ea48%22:%91%22background_color__hover%22%93}\u00bb background__hover_enabled=\u00bbon|hover\u00bb background_color__hover=\u00bb#ff5a17&#8243; background_enable_color__hover=\u00bbon\u00bb custom_padding__hover_enabled=\u00bbon|hover\u00bb custom_padding__hover=\u00bb20px|20px|20px|20px|true|true\u00bb][et_pb_image src=\u00bbhttps:\/\/opticanuevaesperanza.cl\/wp-content\/uploads\/2025\/04\/fashion-sunglasses-icon-white-06@2x.png\u00bb title_text=\u00bbfashion-sunglasses-icon-white-06@2x\u00bb _builder_version=\u00bb4.22.0&#8243; _module_preset=\u00bbdefault\u00bb max_width=\u00bb64px\u00bb max_height=\u00bb64px\u00bb custom_margin=\u00bb||20px||false|false\u00bb global_colors_info=\u00bb{}\u00bb][\/et_pb_image][et_pb_text _builder_version=\u00bb4.18.0&#8243; _module_preset=\u00bb9864d763-e1ea-4706-9497-39a6a22942f5&#8243; header_5_text_color=\u00bb#FFFFFF\u00bb custom_margin=\u00bb||10px||false|false\u00bb global_colors_info=\u00bb{}\u00bb]<\/p>\n<h5>lENTES Polarizados<\/h5>\n<p>[\/et_pb_text][et_pb_text _builder_version=\u00bb4.18.0&#8243; _module_preset=\u00bb412522e9-d9ef-4b27-ad1d-b6cb39980601&#8243; text_text_color=\u00bb#FFFFFF\u00bb global_colors_info=\u00bb{}\u00bb]<\/p>\n<p>Toda las marcas todos los precios, y la mejor atenci\u00f3n.<\/p>\n<p>[\/et_pb_text][\/et_pb_column][et_pb_column type=\u00bb1_3&#8243; _builder_version=\u00bb4.22.0&#8243; _module_preset=\u00bbdefault\u00bb custom_padding=\u00bb20px|15px|20px|15px|true|true\u00bb link_option_url=\u00bb#\u00bb border_radii=\u00bbon|20px|20px|20px|20px\u00bb global_colors_info=\u00bb{%22gcid-bfa7fe62-254b-41c2-9e7c-1655cf29ea48%22:%91%22background_color__hover%22,%22background_color__hover%22%93}\u00bb background__hover_enabled=\u00bbon|hover\u00bb background_color__hover=\u00bb#ff5a17&#8243; background_enable_color__hover=\u00bbon\u00bb custom_padding__hover=\u00bb20px|20px|20px|20px|true|true\u00bb custom_padding__hover_enabled=\u00bbon|hover\u00bb][et_pb_image src=\u00bbhttps:\/\/opticanuevaesperanza.cl\/wp-content\/uploads\/2025\/04\/fashion-sunglasses-icon-white-05@2x.png\u00bb title_text=\u00bbfashion-sunglasses-icon-white-05@2x\u00bb _builder_version=\u00bb4.22.0&#8243; _module_preset=\u00bbdefault\u00bb max_width=\u00bb64px\u00bb max_height=\u00bb64px\u00bb custom_margin=\u00bb||20px||false|false\u00bb global_colors_info=\u00bb{}\u00bb][\/et_pb_image][et_pb_text _builder_version=\u00bb4.18.0&#8243; _module_preset=\u00bb9864d763-e1ea-4706-9497-39a6a22942f5&#8243; header_5_text_color=\u00bb#FFFFFF\u00bb custom_margin=\u00bb||10px||false|false\u00bb global_colors_info=\u00bb{}\u00bb]<\/p>\n<h5>Resistentes a golpes<\/h5>\n<p>[\/et_pb_text][et_pb_text _builder_version=\u00bb4.22.0&#8243; _module_preset=\u00bb412522e9-d9ef-4b27-ad1d-b6cb39980601&#8243; text_text_color=\u00bb#FFFFFF\u00bb global_colors_info=\u00bb{}\u00bb]Quisque aliquet velit sit amet sem interdum faucibus. In feugiat aliquet mollis etiam tincidunt ligula.[\/et_pb_text][\/et_pb_column][et_pb_column type=\u00bb1_3&#8243; _builder_version=\u00bb4.22.0&#8243; _module_preset=\u00bbdefault\u00bb custom_padding=\u00bb20px|15px|20px|15px|true|true\u00bb link_option_url=\u00bb#\u00bb border_radii=\u00bbon|20px|20px|20px|20px\u00bb global_colors_info=\u00bb{%22gcid-bfa7fe62-254b-41c2-9e7c-1655cf29ea48%22:%91%22background_color__hover%22,%22background_color__hover%22%93}\u00bb background__hover_enabled=\u00bbon|hover\u00bb background_color__hover=\u00bb#ff5a17&#8243; background_enable_color__hover=\u00bbon\u00bb custom_padding__hover=\u00bb20px|20px|20px|20px|true|true\u00bb custom_padding__hover_enabled=\u00bbon|hover\u00bb][et_pb_image src=\u00bbhttps:\/\/opticanuevaesperanza.cl\/wp-content\/uploads\/2025\/04\/fashion-sunglasses-icon-white-07@2x.png\u00bb title_text=\u00bbfashion-sunglasses-icon-white-07@2x\u00bb _builder_version=\u00bb4.22.0&#8243; _module_preset=\u00bbdefault\u00bb max_width=\u00bb64px\u00bb max_height=\u00bb64px\u00bb custom_margin=\u00bb||20px||false|false\u00bb global_colors_info=\u00bb{}\u00bb][\/et_pb_image][et_pb_text _builder_version=\u00bb4.18.0&#8243; _module_preset=\u00bb9864d763-e1ea-4706-9497-39a6a22942f5&#8243; header_5_text_color=\u00bb#FFFFFF\u00bb custom_margin=\u00bb||10px||false|false\u00bb global_colors_info=\u00bb{}\u00bb]<\/p>\n<h5>Protecci\u00f3n UV<\/h5>\n<p>[\/et_pb_text][et_pb_text _builder_version=\u00bb4.22.0&#8243; _module_preset=\u00bb412522e9-d9ef-4b27-ad1d-b6cb39980601&#8243; text_text_color=\u00bb#FFFFFF\u00bb global_colors_info=\u00bb{}\u00bb]Luctus lectus non quisque turpis bibendum posuere. Morbi tortor nibh, fringilla sed pretium sit amet.[\/et_pb_text][\/et_pb_column][\/et_pb_row][\/et_pb_section][et_pb_section fb_built=\u00bb1&#8243; _builder_version=\u00bb4.18.0&#8243; _module_preset=\u00bbdefault\u00bb background_color=\u00bb#efefef\u00bb global_colors_info=\u00bb{}\u00bb][et_pb_row column_structure=\u00bb1_5,1_5,1_5,1_5,1_5&#8243; _builder_version=\u00bb4.18.0&#8243; _module_preset=\u00bbdefault\u00bb global_colors_info=\u00bb{}\u00bb][et_pb_column type=\u00bb1_5&#8243; _builder_version=\u00bb4.18.0&#8243; _module_preset=\u00bbdefault\u00bb global_colors_info=\u00bb{}\u00bb][et_pb_image src=\u00bbhttps:\/\/opticanuevaesperanza.cl\/wp-content\/uploads\/2025\/05\/logo-okley.png\u00bb title_text=\u00bblogo-okley\u00bb _builder_version=\u00bb4.18.0&#8243; _module_preset=\u00bbdefault\u00bb global_colors_info=\u00bb{}\u00bb][\/et_pb_image][\/et_pb_column][et_pb_column type=\u00bb1_5&#8243; _builder_version=\u00bb4.18.0&#8243; _module_preset=\u00bbdefault\u00bb global_colors_info=\u00bb{}\u00bb][et_pb_image src=\u00bbhttps:\/\/opticanuevaesperanza.cl\/wp-content\/uploads\/2025\/05\/logo-michael-kors.png\u00bb title_text=\u00bblogo-michael-kors\u00bb _builder_version=\u00bb4.18.0&#8243; _module_preset=\u00bbdefault\u00bb global_colors_info=\u00bb{}\u00bb][\/et_pb_image][\/et_pb_column][et_pb_column type=\u00bb1_5&#8243; _builder_version=\u00bb4.18.0&#8243; _module_preset=\u00bbdefault\u00bb global_colors_info=\u00bb{}\u00bb][et_pb_image src=\u00bbhttps:\/\/opticanuevaesperanza.cl\/wp-content\/uploads\/2025\/05\/logo-vogue.png\u00bb title_text=\u00bblogo-vogue\u00bb _builder_version=\u00bb4.18.0&#8243; _module_preset=\u00bbdefault\u00bb global_colors_info=\u00bb{}\u00bb][\/et_pb_image][\/et_pb_column][et_pb_column type=\u00bb1_5&#8243; _builder_version=\u00bb4.18.0&#8243; _module_preset=\u00bbdefault\u00bb global_colors_info=\u00bb{}\u00bb][et_pb_image src=\u00bbhttps:\/\/opticanuevaesperanza.cl\/wp-content\/uploads\/2025\/05\/logo-carrera.png\u00bb title_text=\u00bblogo-carrera\u00bb _builder_version=\u00bb4.18.0&#8243; _module_preset=\u00bbdefault\u00bb global_colors_info=\u00bb{}\u00bb][\/et_pb_image][\/et_pb_column][et_pb_column type=\u00bb1_5&#8243; _builder_version=\u00bb4.18.0&#8243; _module_preset=\u00bbdefault\u00bb global_colors_info=\u00bb{}\u00bb][et_pb_image src=\u00bbhttps:\/\/opticanuevaesperanza.cl\/wp-content\/uploads\/2025\/05\/logo-masseratti.png\u00bb title_text=\u00bblogo-masseratti\u00bb _builder_version=\u00bb4.18.0&#8243; _module_preset=\u00bbdefault\u00bb global_colors_info=\u00bb{}\u00bb][\/et_pb_image][\/et_pb_column][\/et_pb_row][et_pb_row column_structure=\u00bb1_5,1_5,1_5,1_5,1_5&#8243; _builder_version=\u00bb4.18.0&#8243; _module_preset=\u00bbdefault\u00bb global_colors_info=\u00bb{}\u00bb][et_pb_column type=\u00bb1_5&#8243; _builder_version=\u00bb4.18.0&#8243; _module_preset=\u00bbdefault\u00bb global_colors_info=\u00bb{}\u00bb][et_pb_image src=\u00bbhttps:\/\/opticanuevaesperanza.cl\/wp-content\/uploads\/2025\/05\/logochopard-blanco.png\u00bb title_text=\u00bblogochopard-blanco\u00bb _builder_version=\u00bb4.18.0&#8243; _module_preset=\u00bbdefault\u00bb global_colors_info=\u00bb{}\u00bb][\/et_pb_image][\/et_pb_column][et_pb_column type=\u00bb1_5&#8243; _builder_version=\u00bb4.18.0&#8243; _module_preset=\u00bbdefault\u00bb global_colors_info=\u00bb{}\u00bb][et_pb_image src=\u00bbhttps:\/\/opticanuevaesperanza.cl\/wp-content\/uploads\/2025\/05\/logo_scada-blanco.png\u00bb title_text=\u00bblogo_scada-blanco\u00bb _builder_version=\u00bb4.18.0&#8243; _module_preset=\u00bbdefault\u00bb global_colors_info=\u00bb{}\u00bb][\/et_pb_image][\/et_pb_column][et_pb_column type=\u00bb1_5&#8243; _builder_version=\u00bb4.18.0&#8243; _module_preset=\u00bbdefault\u00bb global_colors_info=\u00bb{}\u00bb][et_pb_image src=\u00bbhttps:\/\/opticanuevaesperanza.cl\/wp-content\/uploads\/2025\/05\/mormaii_bn-1.png\u00bb title_text=\u00bbmormaii_bn (1)\u00bb _builder_version=\u00bb4.18.0&#8243; _module_preset=\u00bbdefault\u00bb global_colors_info=\u00bb{}\u00bb][\/et_pb_image][\/et_pb_column][et_pb_column type=\u00bb1_5&#8243; _builder_version=\u00bb4.18.0&#8243; _module_preset=\u00bbdefault\u00bb global_colors_info=\u00bb{}\u00bb][et_pb_image src=\u00bbhttps:\/\/opticanuevaesperanza.cl\/wp-content\/uploads\/2025\/05\/cuore-bn.png\u00bb title_text=\u00bbcuore-bn\u00bb _builder_version=\u00bb4.18.0&#8243; _module_preset=\u00bbdefault\u00bb global_colors_info=\u00bb{}\u00bb][\/et_pb_image][\/et_pb_column][et_pb_column type=\u00bb1_5&#8243; _builder_version=\u00bb4.18.0&#8243; _module_preset=\u00bbdefault\u00bb global_colors_info=\u00bb{}\u00bb][et_pb_image src=\u00bbhttps:\/\/opticanuevaesperanza.cl\/wp-content\/uploads\/2025\/05\/ninaricci-bn.png\u00bb title_text=\u00bbninaricci-bn\u00bb _builder_version=\u00bb4.18.0&#8243; _module_preset=\u00bbdefault\u00bb global_colors_info=\u00bb{}\u00bb][\/et_pb_image][\/et_pb_column][\/et_pb_row][et_pb_row column_structure=\u00bb1_5,1_5,1_5,1_5,1_5&#8243; _builder_version=\u00bb4.18.0&#8243; _module_preset=\u00bbdefault\u00bb global_colors_info=\u00bb{}\u00bb][et_pb_column type=\u00bb1_5&#8243; _builder_version=\u00bb4.18.0&#8243; _module_preset=\u00bbdefault\u00bb global_colors_info=\u00bb{}\u00bb][et_pb_image src=\u00bbhttps:\/\/opticanuevaesperanza.cl\/wp-content\/uploads\/2025\/05\/logo-fila.png\u00bb title_text=\u00bblogo-fila\u00bb _builder_version=\u00bb4.18.0&#8243; _module_preset=\u00bbdefault\u00bb global_colors_info=\u00bb{}\u00bb][\/et_pb_image][\/et_pb_column][et_pb_column type=\u00bb1_5&#8243; _builder_version=\u00bb4.18.0&#8243; _module_preset=\u00bbdefault\u00bb global_colors_info=\u00bb{}\u00bb][et_pb_image src=\u00bbhttps:\/\/opticanuevaesperanza.cl\/wp-content\/uploads\/2025\/05\/logo-rodenstock.png\u00bb title_text=\u00bblogo-rodenstock\u00bb _builder_version=\u00bb4.18.0&#8243; _module_preset=\u00bbdefault\u00bb global_colors_info=\u00bb{}\u00bb][\/et_pb_image][\/et_pb_column][et_pb_column type=\u00bb1_5&#8243; _builder_version=\u00bb4.18.0&#8243; _module_preset=\u00bbdefault\u00bb global_colors_info=\u00bb{}\u00bb][et_pb_image src=\u00bbhttps:\/\/opticanuevaesperanza.cl\/wp-content\/uploads\/2025\/05\/logo-rayban.png\u00bb title_text=\u00bblogo-rayban\u00bb _builder_version=\u00bb4.18.0&#8243; _module_preset=\u00bbdefault\u00bb global_colors_info=\u00bb{}\u00bb][\/et_pb_image][et_pb_image src=\u00bbhttps:\/\/opticanuevaesperanza.cl\/wp-content\/uploads\/2025\/06\/logo-fcacharel.png\u00bb title_text=\u00bblogo-fcacharel\u00bb _builder_version=\u00bb4.18.0&#8243; _module_preset=\u00bbdefault\u00bb global_colors_info=\u00bb{}\u00bb][\/et_pb_image][\/et_pb_column][et_pb_column type=\u00bb1_5&#8243; _builder_version=\u00bb4.18.0&#8243; _module_preset=\u00bbdefault\u00bb global_colors_info=\u00bb{}\u00bb][et_pb_image src=\u00bbhttps:\/\/opticanuevaesperanza.cl\/wp-content\/uploads\/2025\/06\/logo-frida-khalo.png\u00bb title_text=\u00bblogo-frida-khalo\u00bb _builder_version=\u00bb4.18.0&#8243; _module_preset=\u00bbdefault\u00bb global_colors_info=\u00bb{}\u00bb][\/et_pb_image][\/et_pb_column][et_pb_column type=\u00bb1_5&#8243; _builder_version=\u00bb4.18.0&#8243; _module_preset=\u00bbdefault\u00bb global_colors_info=\u00bb{}\u00bb][et_pb_image src=\u00bbhttps:\/\/opticanuevaesperanza.cl\/wp-content\/uploads\/2025\/06\/logo-mcarolina-herrera.png\u00bb title_text=\u00bblogo-mcarolina-herrera\u00bb _builder_version=\u00bb4.18.0&#8243; _module_preset=\u00bbdefault\u00bb global_colors_info=\u00bb{}\u00bb][\/et_pb_image][\/et_pb_column][\/et_pb_row][\/et_pb_section][et_pb_section fb_built=\u00bb1&#8243; admin_label=\u00bbCall to Action\u00bb _builder_version=\u00bb4.18.0&#8243; _module_preset=\u00bbdefault\u00bb background_color=\u00bbgcid-28366106-ecf8-496b-97f0-6a9be6882356&#8243; use_background_color_gradient=\u00bbon\u00bb background_color_gradient_stops=\u00bb#111abe 33%|#000000 100%\u00bb background_image=\u00bbhttps:\/\/opticanuevaesperanza.cl\/wp-content\/uploads\/2025\/06\/trama-lentespng-alfa21.png\u00bb parallax=\u00bbon\u00bb collapsed=\u00bbon\u00bb global_colors_info=\u00bb{%22gcid-28366106-ecf8-496b-97f0-6a9be6882356%22:%91%22background_color%22%93}\u00bb][et_pb_row column_structure=\u00bb1_2,1_2&#8243; make_equal=\u00bbon\u00bb _builder_version=\u00bb4.18.0&#8243; _module_preset=\u00bbdefault\u00bb global_colors_info=\u00bb{}\u00bb][et_pb_column type=\u00bb1_2&#8243; _builder_version=\u00bb4.22.0&#8243; _module_preset=\u00bbdefault\u00bb custom_padding=\u00bb60px||60px||true|false\u00bb custom_padding_tablet=\u00bb0px||0px||true|false\u00bb custom_padding_phone=\u00bb0px||0px||true|false\u00bb custom_padding_last_edited=\u00bbon|desktop\u00bb global_colors_info=\u00bb{}\u00bb][et_pb_text _builder_version=\u00bb4.18.0&#8243; _module_preset=\u00bb342ef070-716d-4bfd-9b6c-0aa83ac61be0&#8243; text_font=\u00bbInter||||||||\u00bb text_text_color=\u00bb#FFFFFF\u00bb header_4_text_color=\u00bb#FFFFFF\u00bb global_colors_info=\u00bb{}\u00bb]<\/p>\n<p>\u00f3ptica Nueva Esperanza<\/p>\n<p>[\/et_pb_text][et_pb_text content_tablet=\u00bb<\/p>\n<p>PREGUNTAS FRECUENTES<\/p>\n<p>\u00bb content_phone=\u00bb<\/p>\n<p>PREGUNTAS FRECUENTES<\/p>\n<p>\u00bb content_last_edited=\u00bbon|phone\u00bb _builder_version=\u00bb4.18.0&#8243; _module_preset=\u00bbbc742a73-8325-410c-b964-aca1a3829bfc\u00bb text_font=\u00bbMontserrat|700|||||||\u00bb text_text_color=\u00bb#FFFFFF\u00bb text_font_size=\u00bb37px\u00bb text_line_height=\u00bb1em\u00bb header_2_text_color=\u00bb#FFFFFF\u00bb custom_margin=\u00bb||10px||false|false\u00bb global_colors_info=\u00bb{}\u00bb]<\/p>\n<p>PREGUNTAS FRECUENTES<\/p>\n<p>[\/et_pb_text][et_pb_text _builder_version=\u00bb4.18.0&#8243; _module_preset=\u00bb412522e9-d9ef-4b27-ad1d-b6cb39980601&#8243; text_text_color=\u00bb#FFFFFF\u00bb custom_margin=\u00bb||71px|||\u00bb global_colors_info=\u00bb{}\u00bb][\/et_pb_text][et_pb_accordion _builder_version=\u00bb4.18.0&#8243; _module_preset=\u00bbdefault\u00bb animation_style=\u00bbfold\u00bb border_radii=\u00bbon|10px|10px|10px|10px\u00bb box_shadow_style=\u00bbpreset2&#8243; global_colors_info=\u00bb{}\u00bb][et_pb_accordion_item title=\u00bb\u00bfCon que laboratorio trabajamos?\u00bb open=\u00bbon\u00bb open_toggle_text_color=\u00bb#000000&#8243; _builder_version=\u00bb4.18.0&#8243; _module_preset=\u00bbdefault\u00bb global_colors_info=\u00bb{}\u00bb toggle_font=\u00bbMontserrat|700|||||||\u00bb]<\/p>\n<p>Con el Laboratorio Rodenstock, Essilor y un Laboratorio Nacional.<\/p>\n<p>[\/et_pb_accordion_item][et_pb_accordion_item title=\u00bb\u00bfEn qu\u00e9 consiste la Garant\u00eda?\u00bb open_toggle_text_color=\u00bb#000000&#8243; _builder_version=\u00bb4.18.0&#8243; _module_preset=\u00bbdefault\u00bb global_colors_info=\u00bb{}\u00bb toggle_font=\u00bbMontserrat|700|||||||\u00bb open=\u00bboff\u00bb]<\/p>\n<p>Garant\u00eda de armazones esta cubre un a\u00f1o alg\u00fan da\u00f1o o fatiga del material.<br \/>Garant\u00eda cristales todo lo que sea de laboratorio garantiza sus capas de antirreflejo y si es alg\u00fan problema de receta todo se puede garantizar siempre y cuando tenga una nota m\u00e9dica adjunta.<\/p>\n<p>[\/et_pb_accordion_item][et_pb_accordion_item title=\u00bb\u00bfSi realizamos ex\u00e1menes?\u00bb open_toggle_text_color=\u00bb#000000&#8243; _builder_version=\u00bb4.18.0&#8243; _module_preset=\u00bbdefault\u00bb global_colors_info=\u00bb{}\u00bb toggle_font=\u00bbMontserrat|700|||||||\u00bb open=\u00bboff\u00bb]<\/p>\n<p>En nuestro local No, pero trabajamos con una profesional que tiene 10 a\u00f1os de experiencia.<\/p>\n<p>[\/et_pb_accordion_item][et_pb_accordion_item title=\u00bb\u00bfCuentan con lentes de contacto?\u00bb open_toggle_text_color=\u00bb#000000&#8243; _builder_version=\u00bb4.18.0&#8243; _module_preset=\u00bbdefault\u00bb global_colors_info=\u00bb{}\u00bb toggle_font=\u00bbMontserrat|700|||||||\u00bb open=\u00bboff\u00bb]<\/p>\n<p>Podemos ayudarlos con sus recetas cuando son usuarios de estes tipos de lentes.<\/p>\n<p>[\/et_pb_accordion_item][et_pb_accordion_item title=\u00bb\u00bfCu\u00e1nto tarda en preparar un lente?\u00bb open_toggle_text_color=\u00bb#000000&#8243; _builder_version=\u00bb4.18.0&#8243; _module_preset=\u00bbdefault\u00bb global_colors_info=\u00bb{}\u00bb toggle_font=\u00bbMontserrat|700|||||||\u00bb open=\u00bboff\u00bb]<\/p>\n<p>Para prestar un buen servicio donde nos aseguraremos de que su trabajo quede en<br \/>perfectas condiciones de un d\u00eda para otro y si el trabajo es de laboratorio son 5 d\u00edas<br \/>h\u00e1biles.<\/p>\n<p>[\/et_pb_accordion_item][\/et_pb_accordion][\/et_pb_column][et_pb_column type=\u00bb1_2&#8243; _builder_version=\u00bb4.18.0&#8243; _module_preset=\u00bbdefault\u00bb background_image=\u00bbhttps:\/\/opticanuevaesperanza.cl\/wp-content\/uploads\/2025\/06\/pf-optica2.png\u00bb animation_style=\u00bbflip\u00bb border_radii=\u00bbon|10px|10px|10px|10px\u00bb global_colors_info=\u00bb{}\u00bb][et_pb_divider show_divider=\u00bboff\u00bb _builder_version=\u00bb4.22.0&#8243; _module_preset=\u00bbdefault\u00bb height_tablet=\u00bb40vw\u00bb height_phone=\u00bb40vw\u00bb height_last_edited=\u00bbon|desktop\u00bb locked=\u00bboff\u00bb global_colors_info=\u00bb{}\u00bb][\/et_pb_divider][\/et_pb_column][\/et_pb_row][et_pb_row _builder_version=\u00bb4.18.0&#8243; _module_preset=\u00bbdefault\u00bb global_colors_info=\u00bb{}\u00bb][et_pb_column type=\u00bb4_4&#8243; _builder_version=\u00bb4.18.0&#8243; _module_preset=\u00bbdefault\u00bb global_colors_info=\u00bb{}\u00bb][sb_instagram_feed admin_label=\u00bbhttps:\/\/www.instagram.com\/opticanuevaesperanza?igsh=MWI0N3YxbXd5NHJ2ZQ%3D%3D&#038;utm_source=qr\u00bb _builder_version=\u00bb4.18.0&#8243; _module_preset=\u00bbdefault\u00bb global_colors_info=\u00bb{}\u00bb][\/sb_instagram_feed][\/et_pb_column][\/et_pb_row][\/et_pb_section][et_pb_section fb_built=\u00bb1&#8243; _builder_version=\u00bb4.18.0&#8243; _module_preset=\u00bbdefault\u00bb global_colors_info=\u00bb{}\u00bb][\/et_pb_section][et_pb_section fb_built=\u00bb1&#8243; admin_label=\u00bbFooter\u00bb _builder_version=\u00bb4.22.0&#8243; _module_preset=\u00bbdefault\u00bb background_color=\u00bbgcid-bfa7fe62-254b-41c2-9e7c-1655cf29ea48&#8243; saved_tabs=\u00bball\u00bb collapsed=\u00bbon\u00bb global_colors_info=\u00bb{%22gcid-bfa7fe62-254b-41c2-9e7c-1655cf29ea48%22:%91%22background_color%22%93}\u00bb][et_pb_row column_structure=\u00bb1_3,2_3&#8243; _builder_version=\u00bb4.18.0&#8243; _module_preset=\u00bbdefault\u00bb global_colors_info=\u00bb{}\u00bb][et_pb_column type=\u00bb1_3&#8243; _builder_version=\u00bb4.22.0&#8243; _module_preset=\u00bbdefault\u00bb global_colors_info=\u00bb{}\u00bb][et_pb_image src=\u00bbhttps:\/\/opticanuevaesperanza.cl\/wp-content\/uploads\/2025\/05\/logo-nuevaesperanzaBLANCO.png\u00bb title_text=\u00bblogo-nuevaesperanzaBLANCO\u00bb _builder_version=\u00bb4.18.0&#8243; _module_preset=\u00bbdefault\u00bb width=\u00bb91%\u00bb global_colors_info=\u00bb{}\u00bb][\/et_pb_image][et_pb_text _builder_version=\u00bb4.18.0&#8243; _module_preset=\u00bb3b8f41bf-2064-4321-a60e-b8bae7a5be6a\u00bb text_text_color=\u00bb#FFFFFF\u00bb header_3_text_color=\u00bb#FFFFFF\u00bb global_colors_info=\u00bb{}\u00bb]<\/p>\n<p>Mac iver 290 Local 5 A, Metro Bellas Artes, Santiago de Chile<\/p>\n<p>[\/et_pb_text][et_pb_social_media_follow _builder_version=\u00bb4.18.0&#8243; _module_preset=\u00bbdefault\u00bb custom_margin=\u00bb||10px||false|false\u00bb hover_enabled=\u00bb0&#8243; global_colors_info=\u00bb{}\u00bb sticky_enabled=\u00bb0&#8243;][et_pb_social_media_follow_network social_network=\u00bbinstagram\u00bb _builder_version=\u00bb4.18.0&#8243; _module_preset=\u00bbdefault\u00bb hover_enabled=\u00bb0&#8243; global_colors_info=\u00bb{}\u00bb follow_button=\u00bboff\u00bb url_new_window=\u00bbon\u00bb url=\u00bbhttps:\/\/www.instagram.com\/opticanuevaesperanza?igsh=MWI0N3YxbXd5NHJ2ZQ%3D%3D&#038;utm_source=qr\u00bb sticky_enabled=\u00bb0&#8243;]instagram[\/et_pb_social_media_follow_network][et_pb_social_media_follow_network social_network=\u00bbtiktok\u00bb _builder_version=\u00bb4.18.0&#8243; _module_preset=\u00bbdefault\u00bb hover_enabled=\u00bb0&#8243; global_colors_info=\u00bb{}\u00bb follow_button=\u00bboff\u00bb url_new_window=\u00bbon\u00bb icon_color=\u00bb#FFFFFF\u00bb use_icon_font_size=\u00bbon\u00bb custom_button=\u00bbon\u00bb button_text_size=\u00bb7px\u00bb sticky_enabled=\u00bb0&#8243; url=\u00bbhttps:\/\/www.tiktok.com\/@opticanuevaesperanza?_t=ZS-8wjlCQTdP7P&#038;_r=1&#8243; background_enable_color=\u00bboff\u00bb]tiktok[\/et_pb_social_media_follow_network][\/et_pb_social_media_follow][\/et_pb_column][et_pb_column type=\u00bb2_3&#8243; _builder_version=\u00bb4.22.0&#8243; _module_preset=\u00bbdefault\u00bb global_colors_info=\u00bb{}\u00bb][et_pb_contact_form _builder_version=\u00bb4.18.0&#8243; _module_preset=\u00bbdefault\u00bb _unique_id=\u00bbfa5bcdec-fcb4-4885-a3b8-1166a4298076&#8243; custom_button=\u00bbon\u00bb button_text_size=\u00bb16px\u00bb button_text_color=\u00bb#FFFFFF\u00bb button_bg_color=\u00bb#0C71C3&#8243; button_border_radius=\u00bb10px\u00bb hover_enabled=\u00bb0&#8243; border_radii=\u00bbon|10px|10px|10px|10px\u00bb box_shadow_style=\u00bbpreset2&#8243; global_colors_info=\u00bb{}\u00bb sticky_enabled=\u00bb0&#8243; email=\u00bbjanoparra.ap@gmail.com: jengjyh.chen@gmail.com\u00bb custom_message=\u00bbNombre: %%nombre%%||et_pb_line_break_holder||Email: %%Email%%||et_pb_line_break_holder||tel\u00e9fono: %%tel\u00e9fono%%||et_pb_line_break_holder||Asunto: %%asunto%%||et_pb_line_break_holder||Mensaje: %%Mensaje%%\u00bb][et_pb_contact_field field_id=\u00bbName\u00bb field_title=\u00bbNombre\u00bb _builder_version=\u00bb4.16&#8243; global_colors_info=\u00bb{}\u00bb button_text_size__hover_enabled=\u00bboff\u00bb button_one_text_size__hover_enabled=\u00bboff\u00bb button_two_text_size__hover_enabled=\u00bboff\u00bb button_text_color__hover_enabled=\u00bboff\u00bb button_one_text_color__hover_enabled=\u00bboff\u00bb button_two_text_color__hover_enabled=\u00bboff\u00bb button_border_width__hover_enabled=\u00bboff\u00bb button_one_border_width__hover_enabled=\u00bboff\u00bb button_two_border_width__hover_enabled=\u00bboff\u00bb button_border_color__hover_enabled=\u00bboff\u00bb button_one_border_color__hover_enabled=\u00bboff\u00bb button_two_border_color__hover_enabled=\u00bboff\u00bb button_border_radius__hover_enabled=\u00bboff\u00bb button_one_border_radius__hover_enabled=\u00bboff\u00bb button_two_border_radius__hover_enabled=\u00bboff\u00bb button_letter_spacing__hover_enabled=\u00bboff\u00bb button_one_letter_spacing__hover_enabled=\u00bboff\u00bb button_two_letter_spacing__hover_enabled=\u00bboff\u00bb button_bg_color__hover_enabled=\u00bboff\u00bb button_one_bg_color__hover_enabled=\u00bboff\u00bb button_two_bg_color__hover_enabled=\u00bboff\u00bb][\/et_pb_contact_field][et_pb_contact_field field_id=\u00bbEmail\u00bb field_title=\u00bbDirecci\u00f3n de correo electr\u00f3nico\u00bb field_type=\u00bbemail\u00bb _builder_version=\u00bb4.18.0&#8243; hover_enabled=\u00bb0&#8243; global_colors_info=\u00bb{}\u00bb button_text_size__hover_enabled=\u00bboff\u00bb button_one_text_size__hover_enabled=\u00bboff\u00bb button_two_text_size__hover_enabled=\u00bboff\u00bb button_text_color__hover_enabled=\u00bboff\u00bb button_one_text_color__hover_enabled=\u00bboff\u00bb button_two_text_color__hover_enabled=\u00bboff\u00bb button_border_width__hover_enabled=\u00bboff\u00bb button_one_border_width__hover_enabled=\u00bboff\u00bb button_two_border_width__hover_enabled=\u00bboff\u00bb button_border_color__hover_enabled=\u00bboff\u00bb button_one_border_color__hover_enabled=\u00bboff\u00bb button_two_border_color__hover_enabled=\u00bboff\u00bb button_border_radius__hover_enabled=\u00bboff\u00bb button_one_border_radius__hover_enabled=\u00bboff\u00bb button_two_border_radius__hover_enabled=\u00bboff\u00bb button_letter_spacing__hover_enabled=\u00bboff\u00bb button_one_letter_spacing__hover_enabled=\u00bboff\u00bb button_two_letter_spacing__hover_enabled=\u00bboff\u00bb button_bg_color__hover_enabled=\u00bboff\u00bb button_one_bg_color__hover_enabled=\u00bboff\u00bb button_two_bg_color__hover_enabled=\u00bboff\u00bb sticky_enabled=\u00bb0&#8243;][\/et_pb_contact_field][et_pb_contact_field field_id=\u00bbTel\u00e9fono\u00bb field_title=\u00bbTel\u00e9fono\u00bb allowed_symbols=\u00bbnumbers\u00bb fullwidth_field=\u00bbon\u00bb _builder_version=\u00bb4.18.0&#8243; _module_preset=\u00bbdefault\u00bb hover_enabled=\u00bb0&#8243; global_colors_info=\u00bb{}\u00bb sticky_enabled=\u00bb0&#8243;][\/et_pb_contact_field][et_pb_contact_field field_id=\u00bbAsunto\u00bb field_title=\u00bbAsunto\u00bb field_type=\u00bbselect\u00bb select_options=\u00bb%91{%22value%22:%22Cotizaci\u00f3n%22,%22checked%22:0,%22dragID%22:-1},{%22value%22:%22Convenio%22,%22checked%22:0,%22dragID%22:0}%93&#8243; fullwidth_field=\u00bbon\u00bb _builder_version=\u00bb4.18.0&#8243; _module_preset=\u00bbdefault\u00bb border_radii=\u00bbon|10px|10px|10px|10px\u00bb global_colors_info=\u00bb{}\u00bb][\/et_pb_contact_field][et_pb_contact_field field_id=\u00bbMensaje\u00bb field_title=\u00bbMensaje\u00bb field_type=\u00bbtext\u00bb fullwidth_field=\u00bbon\u00bb _builder_version=\u00bb4.18.0&#8243; global_colors_info=\u00bb{}\u00bb button_text_size__hover_enabled=\u00bboff\u00bb button_one_text_size__hover_enabled=\u00bboff\u00bb button_two_text_size__hover_enabled=\u00bboff\u00bb button_text_color__hover_enabled=\u00bboff\u00bb button_one_text_color__hover_enabled=\u00bboff\u00bb button_two_text_color__hover_enabled=\u00bboff\u00bb button_border_width__hover_enabled=\u00bboff\u00bb button_one_border_width__hover_enabled=\u00bboff\u00bb button_two_border_width__hover_enabled=\u00bboff\u00bb button_border_color__hover_enabled=\u00bboff\u00bb button_one_border_color__hover_enabled=\u00bboff\u00bb button_two_border_color__hover_enabled=\u00bboff\u00bb button_border_radius__hover_enabled=\u00bboff\u00bb button_one_border_radius__hover_enabled=\u00bboff\u00bb button_two_border_radius__hover_enabled=\u00bboff\u00bb button_letter_spacing__hover_enabled=\u00bboff\u00bb button_one_letter_spacing__hover_enabled=\u00bboff\u00bb button_two_letter_spacing__hover_enabled=\u00bboff\u00bb button_bg_color__hover_enabled=\u00bboff\u00bb button_one_bg_color__hover_enabled=\u00bboff\u00bb button_two_bg_color__hover_enabled=\u00bboff\u00bb][\/et_pb_contact_field][\/et_pb_contact_form][\/et_pb_column][\/et_pb_row][\/et_pb_section]<\/p>\n","protected":false},"excerpt":{"rendered":"<p>A Nuestra \u00d3ptica WebEncuentra el modelo y marca que necesites con una atenci\u00f3n \u00fanica.Tenemos toda la variedad de anteojos lentes para toda la familia!OFERTAS DE OTO\u00d1OOFERTAS de hasta 50% ven y comparaHISTORIAFundada en el a\u00f1o 2010 por Erica Leal, \u00d3ptica Nueva Esperanza naci\u00f3 del sue\u00f1o de ofrecer una atenci\u00f3n cercana, profesional y personalizada a todos [&hellip;]<\/p>\n","protected":false},"author":1,"featured_media":0,"parent":0,"menu_order":0,"comment_status":"closed","ping_status":"closed","template":"","meta":{"_et_pb_use_builder":"on","_et_pb_old_content":"","_et_gb_content_width":"","footnotes":""},"class_list":["post-7","page","type-page","status-publish","hentry"],"_links":{"self":[{"href":"https:\/\/opticanuevaesperanza.cl\/index.php\/wp-json\/wp\/v2\/pages\/7","targetHints":{"allow":["GET"]}}],"collection":[{"href":"https:\/\/opticanuevaesperanza.cl\/index.php\/wp-json\/wp\/v2\/pages"}],"about":[{"href":"https:\/\/opticanuevaesperanza.cl\/index.php\/wp-json\/wp\/v2\/types\/page"}],"author":[{"embeddable":true,"href":"https:\/\/opticanuevaesperanza.cl\/index.php\/wp-json\/wp\/v2\/users\/1"}],"replies":[{"embeddable":true,"href":"https:\/\/opticanuevaesperanza.cl\/index.php\/wp-json\/wp\/v2\/comments?post=7"}],"version-history":[{"count":30,"href":"https:\/\/opticanuevaesperanza.cl\/index.php\/wp-json\/wp\/v2\/pages\/7\/revisions"}],"predecessor-version":[{"id":111,"href":"https:\/\/opticanuevaesperanza.cl\/index.php\/wp-json\/wp\/v2\/pages\/7\/revisions\/111"}],"wp:attachment":[{"href":"https:\/\/opticanuevaesperanza.cl\/index.php\/wp-json\/wp\/v2\/media?parent=7"}],"curies":[{"name":"wp","href":"https:\/\/api.w.org\/{rel}","templated":true}]}}